{"id":57,"date":"2023-10-18T14:58:35","date_gmt":"2023-10-18T12:58:35","guid":{"rendered":"https:\/\/mob-media.info\/?page_id=57"},"modified":"2026-04-27T13:04:09","modified_gmt":"2026-04-27T11:04:09","slug":"nous-contacter","status":"publish","type":"page","link":"https:\/\/mob-media.info\/index.php\/nous-contacter\/","title":{"rendered":"MOB studio : vid\u00e9os de communication \u00e9thique"},"content":{"rendered":"\n<div class=\"wp-block-columns is-layout-flex wp-container-core-columns-is-layout-28f84493 wp-block-columns-is-layout-flex\">\n<div class=\"wp-block-column is-layout-flow wp-block-column-is-layout-flow\">\n<figure class=\"wp-block-image size-large\"><img fetchpriority=\"high\" decoding=\"async\" width=\"1024\" height=\"576\" src=\"https:\/\/mob-media.info\/wp-content\/uploads\/2026\/02\/Miniatures-YT-modeles-1-1-1024x576.png\" alt=\"\" class=\"wp-image-2467\" srcset=\"https:\/\/mob-media.info\/wp-content\/uploads\/2026\/02\/Miniatures-YT-modeles-1-1-1024x576.png 1024w, https:\/\/mob-media.info\/wp-content\/uploads\/2026\/02\/Miniatures-YT-modeles-1-1-300x169.png 300w, https:\/\/mob-media.info\/wp-content\/uploads\/2026\/02\/Miniatures-YT-modeles-1-1.png 1920w\" sizes=\"(max-width: 1024px) 100vw, 1024px\" \/><\/figure>\n<\/div>\n\n\n\n<div class=\"wp-block-column is-layout-flow wp-block-column-is-layout-flow\">\n<figure class=\"wp-block-image size-large\"><img decoding=\"async\" width=\"1024\" height=\"576\" src=\"https:\/\/mob-media.info\/wp-content\/uploads\/2026\/02\/Miniatures-YT-modeles-2-1024x576.png\" alt=\"\" class=\"wp-image-2466\" srcset=\"https:\/\/mob-media.info\/wp-content\/uploads\/2026\/02\/Miniatures-YT-modeles-2-1024x576.png 1024w, https:\/\/mob-media.info\/wp-content\/uploads\/2026\/02\/Miniatures-YT-modeles-2-300x169.png 300w, https:\/\/mob-media.info\/wp-content\/uploads\/2026\/02\/Miniatures-YT-modeles-2.png 1920w\" sizes=\"(max-width: 1024px) 100vw, 1024px\" \/><\/figure>\n<\/div>\n<\/div>\n\n\n\n<div class=\"wp-block-columns is-layout-flex wp-container-core-columns-is-layout-28f84493 wp-block-columns-is-layout-flex\">\n<div class=\"wp-block-column is-layout-flow wp-block-column-is-layout-flow\">\n<figure class=\"wp-block-embed is-type-video is-provider-youtube wp-block-embed-youtube wp-embed-aspect-16-9 wp-has-aspect-ratio\"><div class=\"wp-block-embed__wrapper\">\n<iframe title=\"Pig\u00e9!#5-La Sant\u00e9 mentale chez les jeunes\" width=\"950\" height=\"534\" src=\"https:\/\/www.youtube.com\/embed\/kMcV2nb-WS8?start=13&#038;feature=oembed\" frameborder=\"0\" allow=\"accelerometer; autoplay; clipboard-write; encrypted-media; gyroscope; picture-in-picture; web-share\" referrerpolicy=\"strict-origin-when-cross-origin\" allowfullscreen><\/iframe>\n<\/div><\/figure>\n<\/div>\n\n\n\n<div class=\"wp-block-column is-layout-flow wp-block-column-is-layout-flow\">\n<figure class=\"wp-block-embed is-type-video is-provider-youtube wp-block-embed-youtube wp-embed-aspect-16-9 wp-has-aspect-ratio\"><div class=\"wp-block-embed__wrapper\">\n<iframe title=\"Pig\u00e9!#2 - L&#039;IA \u00e0 l&#039;\u00e9cole @Melun\" width=\"950\" height=\"534\" src=\"https:\/\/www.youtube.com\/embed\/iLX77mdaIHE?feature=oembed\" frameborder=\"0\" allow=\"accelerometer; autoplay; clipboard-write; encrypted-media; gyroscope; picture-in-picture; web-share\" referrerpolicy=\"strict-origin-when-cross-origin\" allowfullscreen><\/iframe>\n<\/div><\/figure>\n<\/div>\n\n\n\n<div class=\"wp-block-column is-layout-flow wp-block-column-is-layout-flow\">\n<figure class=\"wp-block-embed is-type-video is-provider-youtube wp-block-embed-youtube wp-embed-aspect-16-9 wp-has-aspect-ratio\"><div class=\"wp-block-embed__wrapper\">\n<iframe title=\"Pig\u00e9!#7-L&#039;avenir du travail\" width=\"950\" height=\"534\" src=\"https:\/\/www.youtube.com\/embed\/o9xRmRTq5MQ?feature=oembed\" frameborder=\"0\" allow=\"accelerometer; autoplay; clipboard-write; encrypted-media; gyroscope; picture-in-picture; web-share\" referrerpolicy=\"strict-origin-when-cross-origin\" allowfullscreen><\/iframe>\n<\/div><\/figure>\n<\/div>\n<\/div>\n\n\n\n<p class=\"has-text-align-center has-x-small-font-size\"><strong>L&rsquo;association <a href=\"https:\/\/ecole-epoc.fr\/\" target=\"_blank\" rel=\"noreferrer noopener\">EPOC<\/a> et <a href=\"https:\/\/empreintes-citoyennes.fr\/\" target=\"_blank\" rel=\"noreferrer noopener\">Empreintes citoyennes<\/a> nous ont laiss\u00e9 les rennes de la r\u00e9alisation de 8 \u00e9missions citoyennes sur des th\u00e9matiques tr\u00e8s vari\u00e9es. Intelligence artificielle, travail, \u00e9cologie, sant\u00e9 mentale. L&rsquo;occasion pour des jeunes d&rsquo;\u00e9changer avec des \u00e9lus, des fonctionnaires et donc d&rsquo;entretenir le dialogue et donc la d\u00e9mocratie.<\/strong> <a href=\"https:\/\/www.youtube.com\/@EPOC-EcolePopulaireCitoyennet%C3%A9\" target=\"_blank\" rel=\"noreferrer noopener\"><strong>La s\u00e9rie compl\u00e8te sur leur cha\u00eene Youtube.<\/strong><\/a><\/p>\n\n\n\n<div class=\"wp-block-columns is-layout-flex wp-container-core-columns-is-layout-28f84493 wp-block-columns-is-layout-flex\">\n<div class=\"wp-block-column is-layout-flow wp-block-column-is-layout-flow\">\n<figure class=\"wp-block-embed is-type-video is-provider-youtube wp-block-embed-youtube wp-embed-aspect-16-9 wp-has-aspect-ratio\"><div class=\"wp-block-embed__wrapper\">\n<iframe title=\"\ud83d\ude8a Retour en image sur la cinqui\u00e8me session de la convention citoyenne sur le tram nord\" width=\"950\" height=\"534\" src=\"https:\/\/www.youtube.com\/embed\/Pz7RFj1nbrw?feature=oembed\" frameborder=\"0\" allow=\"accelerometer; autoplay; clipboard-write; encrypted-media; gyroscope; picture-in-picture; web-share\" referrerpolicy=\"strict-origin-when-cross-origin\" allowfullscreen><\/iframe>\n<\/div><\/figure>\n<\/div>\n\n\n\n<div class=\"wp-block-column is-layout-flow wp-block-column-is-layout-flow\">\n<figure class=\"wp-block-embed is-type-video is-provider-youtube wp-block-embed-youtube wp-embed-aspect-16-9 wp-has-aspect-ratio\"><div class=\"wp-block-embed__wrapper\">\n<iframe title=\"Tram nord : derni\u00e8re ligne droite pour la Convention citoyenne\" width=\"950\" height=\"534\" src=\"https:\/\/www.youtube.com\/embed\/DnEra_7-Pjw?feature=oembed\" frameborder=\"0\" allow=\"accelerometer; autoplay; clipboard-write; encrypted-media; gyroscope; picture-in-picture; web-share\" referrerpolicy=\"strict-origin-when-cross-origin\" allowfullscreen><\/iframe>\n<\/div><\/figure>\n<\/div>\n\n\n\n<div class=\"wp-block-column is-layout-flow wp-block-column-is-layout-flow\">\n<figure class=\"wp-block-embed is-type-video is-provider-youtube wp-block-embed-youtube wp-embed-aspect-16-9 wp-has-aspect-ratio\"><div class=\"wp-block-embed__wrapper\">\n<iframe title=\"Tram nord : retour en images sur la premi\u00e8re session de la Convention citoyenne\" width=\"950\" height=\"534\" src=\"https:\/\/www.youtube.com\/embed\/CZAVM7qgm74?feature=oembed\" frameborder=\"0\" allow=\"accelerometer; autoplay; clipboard-write; encrypted-media; gyroscope; picture-in-picture; web-share\" referrerpolicy=\"strict-origin-when-cross-origin\" allowfullscreen><\/iframe>\n<\/div><\/figure>\n<\/div>\n<\/div>\n\n\n\n<p class=\"has-text-align-center has-x-small-font-size\"><strong><a href=\"https:\/\/www.strasbourg.eu\/-\/une-convention-citoyenne-pour-le-tram-nord\" target=\"_blank\" rel=\"noreferrer noopener\">L&rsquo;Eurom\u00e9tropole de Strasbourg<\/a> nous a fait confiance pour filmer l&rsquo;ensemble de sa Convention citoyenne ! Un dispositif de d\u00e9mocratie participative d&rsquo;ampleur sur <a href=\"https:\/\/www.youtube.com\/watch?v=DnEra_7-Pjw&amp;t=3s\" target=\"_blank\" rel=\"noreferrer noopener\">le parcours du tram Nord<\/a> avec une centaine de citoyen-nes tir\u00e9-es au sort. 3 \u00e9pisodes + 1 moyen format bilan (12mn)<\/strong><\/p>\n\n\n\n<div class=\"wp-block-columns is-layout-flex wp-container-core-columns-is-layout-28f84493 wp-block-columns-is-layout-flex\">\n<div class=\"wp-block-column is-layout-flow wp-block-column-is-layout-flow\">\n<figure class=\"wp-block-embed is-type-video is-provider-youtube wp-block-embed-youtube wp-embed-aspect-16-9 wp-has-aspect-ratio\"><div class=\"wp-block-embed__wrapper\">\n<iframe title=\"Festisol (Rencontre nationale) - 2025\" width=\"950\" height=\"534\" src=\"https:\/\/www.youtube.com\/embed\/s2f2U-ebbhw?feature=oembed\" frameborder=\"0\" allow=\"accelerometer; autoplay; clipboard-write; encrypted-media; gyroscope; picture-in-picture; web-share\" referrerpolicy=\"strict-origin-when-cross-origin\" allowfullscreen><\/iframe>\n<\/div><figcaption class=\"wp-element-caption\"><a href=\"https:\/\/www.festivaldessolidarites.org\/top-depart-du-festisol-2025-deux-semaines-pour-agir-ensemble-pour-un-monde-plus-juste\/\" target=\"_blank\" rel=\"noreferrer noopener\"><strong>Festisol : captation vid\u00e9o de l&rsquo;\u00e9v\u00e8nement de lancement en 2025<\/strong><\/a>. En partenariat avec le&nbsp;<a href=\"https:\/\/crid.asso.fr\/\" target=\"_blank\" rel=\"noreferrer noopener\">CRID<\/a>&nbsp;et le soutien de l\u2019<a href=\"https:\/\/www.afd.fr\/fr\" target=\"_blank\" rel=\"noreferrer noopener\">Agence Fran\u00e7aise de D\u00e9veloppement (AFD)<\/a>.<\/figcaption><\/figure>\n<\/div>\n\n\n\n<div class=\"wp-block-column is-layout-flow wp-block-column-is-layout-flow\">\n<figure class=\"wp-block-embed is-type-video is-provider-youtube wp-block-embed-youtube wp-embed-aspect-16-9 wp-has-aspect-ratio\"><div class=\"wp-block-embed__wrapper\">\n<iframe title=\"Retour sur les Rencontres Europ\u00e9ennes de la Participation 2025\" width=\"950\" height=\"534\" src=\"https:\/\/www.youtube.com\/embed\/yq6TzUoYgg4?feature=oembed\" frameborder=\"0\" allow=\"accelerometer; autoplay; clipboard-write; encrypted-media; gyroscope; picture-in-picture; web-share\" referrerpolicy=\"strict-origin-when-cross-origin\" allowfullscreen><\/iframe>\n<\/div><figcaption class=\"wp-element-caption\"><strong>Captation des <a href=\"https:\/\/www.deciderensemble.com\/rencontres-2\/rencontres-2025\">Rencontres europ\u00e9ennes de la participation 2025<\/a> de <a href=\"https:\/\/www.deciderensemble.com\/\">D\u00e9cider Ensemble<\/a> !<\/strong> <strong>Un partenaire historique du m\u00e9dia.<\/strong><\/figcaption><\/figure>\n<\/div>\n<\/div>\n\n\n\n<div class=\"wp-block-columns is-layout-flex wp-container-core-columns-is-layout-28f84493 wp-block-columns-is-layout-flex\">\n<div class=\"wp-block-column is-layout-flow wp-block-column-is-layout-flow\">\n<figure class=\"wp-block-embed is-type-video is-provider-youtube wp-block-embed-youtube wp-embed-aspect-16-9 wp-has-aspect-ratio\"><div class=\"wp-block-embed__wrapper\">\n<iframe title=\"La CNDP au Salon des maires 2024\" width=\"950\" height=\"534\" src=\"https:\/\/www.youtube.com\/embed\/b5pqsJ3jj30?start=22&#038;feature=oembed\" frameborder=\"0\" allow=\"accelerometer; autoplay; clipboard-write; encrypted-media; gyroscope; picture-in-picture; web-share\" referrerpolicy=\"strict-origin-when-cross-origin\" allowfullscreen><\/iframe>\n<\/div><figcaption class=\"wp-element-caption\"><strong>On a suivi la <a href=\"https:\/\/www.debatpublic.fr\/\">CNDP<\/a> au Salon des maires fin 2024, l&rsquo;occasion d&rsquo;expliciter son r\u00f4le aupr\u00e8s des collectivit\u00e9s.<\/strong><\/figcaption><\/figure>\n<\/div>\n\n\n\n<div class=\"wp-block-column is-layout-flow wp-block-column-is-layout-flow\">\n<figure class=\"wp-block-embed is-type-video is-provider-youtube wp-block-embed-youtube wp-embed-aspect-16-9 wp-has-aspect-ratio\"><div class=\"wp-block-embed__wrapper\">\n<iframe title=\"Le b\u00e9n\u00e9volat chez Amnesty International France, c\u2019est quoi ?\" width=\"950\" height=\"534\" src=\"https:\/\/www.youtube.com\/embed\/h62EH179H7M?feature=oembed\" frameborder=\"0\" allow=\"accelerometer; autoplay; clipboard-write; encrypted-media; gyroscope; picture-in-picture; web-share\" referrerpolicy=\"strict-origin-when-cross-origin\" allowfullscreen><\/iframe>\n<\/div><figcaption class=\"wp-element-caption\"><strong>Une vid\u00e9o pour mettre en lumi\u00e8re l&rsquo;engagement citoyen, r\u00e9alis\u00e9e lors du Campus annuel d&rsquo;<a href=\"https:\/\/www.amnesty.fr\/\" data-type=\"link\" data-id=\"https:\/\/www.amnesty.fr\/\">Amnesty International France<\/a>.<\/strong><\/figcaption><\/figure>\n<\/div>\n<\/div>\n\n\n\n<div class=\"wp-block-columns is-layout-flex wp-container-core-columns-is-layout-28f84493 wp-block-columns-is-layout-flex\">\n<div class=\"wp-block-column is-layout-flow wp-block-column-is-layout-flow\">\n<div class=\"wp-block-columns is-layout-flex wp-container-core-columns-is-layout-28f84493 wp-block-columns-is-layout-flex\">\n<div class=\"wp-block-column is-layout-flow wp-block-column-is-layout-flow\">\n<figure class=\"wp-block-embed is-type-video is-provider-youtube wp-block-embed-youtube wp-embed-aspect-16-9 wp-has-aspect-ratio\"><div class=\"wp-block-embed__wrapper\">\n<iframe title=\"Retour sur les Rencontres Europ\u00e9ennes de la Participation 2024\" width=\"950\" height=\"534\" src=\"https:\/\/www.youtube.com\/embed\/PWnjajN2DOc?feature=oembed\" frameborder=\"0\" allow=\"accelerometer; autoplay; clipboard-write; encrypted-media; gyroscope; picture-in-picture; web-share\" referrerpolicy=\"strict-origin-when-cross-origin\" allowfullscreen><\/iframe>\n<\/div><figcaption class=\"wp-element-caption\"><strong><strong>D\u00e9j\u00e0 partenaire des <a href=\"https:\/\/www.deciderensemble.com\/rencontres-2\/rencontres-2024\">Rencontres europ\u00e9ennes de la participation 2024<\/a> de <a href=\"https:\/\/www.deciderensemble.com\/\">D\u00e9cider Ensemble<\/a> !<\/strong><\/strong><\/figcaption><\/figure>\n<\/div>\n\n\n\n<div class=\"wp-block-column is-layout-flow wp-block-column-is-layout-flow\">\n<figure class=\"wp-block-image size-large\"><img decoding=\"async\" width=\"1024\" height=\"617\" src=\"https:\/\/mob-media.info\/wp-content\/uploads\/2023\/11\/Contact-1-1024x617.png\" alt=\"\" class=\"wp-image-214\" srcset=\"https:\/\/mob-media.info\/wp-content\/uploads\/2023\/11\/Contact-1-1024x617.png 1024w, https:\/\/mob-media.info\/wp-content\/uploads\/2023\/11\/Contact-1-300x181.png 300w, https:\/\/mob-media.info\/wp-content\/uploads\/2023\/11\/Contact-1-768x463.png 768w, https:\/\/mob-media.info\/wp-content\/uploads\/2023\/11\/Contact-1-1536x925.png 1536w, https:\/\/mob-media.info\/wp-content\/uploads\/2023\/11\/Contact-1-2048x1234.png 2048w, https:\/\/mob-media.info\/wp-content\/uploads\/2023\/11\/Contact-1-2000x1205.png 2000w\" sizes=\"(max-width: 1024px) 100vw, 1024px\" \/><\/figure>\n<\/div>\n<\/div>\n<\/div>\n<\/div>\n\n\n\n<div class=\"wp-block-buttons alignfull is-content-justification-center is-layout-flex wp-container-core-buttons-is-layout-a89b3969 wp-block-buttons-is-layout-flex\">\n<div class=\"wp-block-button\"><a class=\"wp-block-button__link has-luminous-vivid-orange-background-color has-background has-text-align-center wp-element-button\" href=\"https:\/\/linktr.ee\/mob_media\">NOS PLATEFORMES<\/a><\/div>\n<\/div>\n\n\n\n<div class=\"wp-block-group is-content-justification-space-between is-nowrap is-layout-flex wp-container-core-group-is-layout-cb46ffcb wp-block-group-is-layout-flex\">\n<div class=\"wp-block-group is-nowrap is-layout-flex wp-container-core-group-is-layout-6c531013 wp-block-group-is-layout-flex\">\n<div class=\"wp-block-group is-nowrap is-layout-flex wp-container-core-group-is-layout-6c531013 wp-block-group-is-layout-flex\">\n<div class=\"wp-block-group is-vertical is-layout-flex wp-container-core-group-is-layout-fe9cc265 wp-block-group-is-layout-flex\">\n<div class=\"wp-block-group is-vertical is-layout-flex wp-container-core-group-is-layout-fe9cc265 wp-block-group-is-layout-flex\">\n<div class=\"wp-block-group has-global-padding is-layout-constrained wp-block-group-is-layout-constrained\">\n<div class=\"wp-block-group has-global-padding is-layout-constrained wp-block-group-is-layout-constrained\">\n<h1 class=\"wp-block-heading has-text-align-center\">MENTIONS LEGALES<\/h1>\n\n\n\n<p class=\"has-text-align-center has-medium-font-size\">MOB, le m\u00e9dia de la d\u00e9mocratie <\/p>\n\n\n\n<p class=\"has-text-align-center has-medium-font-size\">91 rue Etienne Marcel, 93100, Montreuil<\/p>\n\n\n\n<p class=\"has-text-align-center has-medium-font-size\">Association Loi 1901 (RNA : <strong>W931029007<\/strong> \/ Siret : <strong>939 068 284 00016<\/strong>)<\/p>\n\n\n\n<p class=\"has-text-align-center has-medium-font-size\"><strong>Pr\u00e9sident de l&rsquo;association<\/strong> : Valentin Clarke<\/p>\n\n\n\n<p class=\"has-text-align-center has-medium-font-size\"><strong>Directeur de la publication et tr\u00e9sorier<\/strong> &#8211; Elliot Clarke (ID Presse : 130999)<\/p>\n\n\n\n<p class=\"has-text-align-center has-medium-font-size\"><strong>Journalistes membres de l&rsquo;association<\/strong> : Elliot Clarke, Perrine Bontemps, Rapha\u00eblle Vivent, A\u00efda Amara, Cl\u00e9ment Aulnette, H\u00e9lo\u00efse Bauchet<\/p>\n<\/div>\n<\/div>\n<\/div>\n<\/div>\n<\/div>\n<\/div>\n<\/div>\n\n\n\n<p><\/p>\n","protected":false},"excerpt":{"rendered":"<p>L&rsquo;association EPOC et Empreintes citoyennes nous ont laiss\u00e9 les rennes de la r\u00e9alisation de 8 \u00e9missions citoyennes sur des th\u00e9matiques tr\u00e8s vari\u00e9es. Intelligence artificielle, travail, \u00e9cologie, sant\u00e9 mentale. L&rsquo;occasion pour des jeunes d&rsquo;\u00e9changer avec des \u00e9lus, des fonctionnaires et donc d&rsquo;entretenir le dialogue et donc la d\u00e9mocratie. La s\u00e9rie compl\u00e8te sur leur cha\u00eene Youtube. L&rsquo;Eurom\u00e9tropole &hellip; <\/p>\n<p class=\"link-more\"><a href=\"https:\/\/mob-media.info\/index.php\/nous-contacter\/\" class=\"more-link\">Lire la suite de<span class=\"screen-reader-text\">\u00ab\u00a0MOB studio : vid\u00e9os de communication \u00e9thique\u00a0\u00bb<\/span><\/a><\/p>\n","protected":false},"author":1,"featured_media":0,"parent":0,"menu_order":0,"comment_status":"closed","ping_status":"closed","template":"","meta":{"footnotes":""},"class_list":["post-57","page","type-page","status-publish","hentry"],"featured_media_urls":[],"_links":{"self":[{"href":"https:\/\/mob-media.info\/index.php\/wp-json\/wp\/v2\/pages\/57","targetHints":{"allow":["GET"]}}],"collection":[{"href":"https:\/\/mob-media.info\/index.php\/wp-json\/wp\/v2\/pages"}],"about":[{"href":"https:\/\/mob-media.info\/index.php\/wp-json\/wp\/v2\/types\/page"}],"author":[{"embeddable":true,"href":"https:\/\/mob-media.info\/index.php\/wp-json\/wp\/v2\/users\/1"}],"replies":[{"embeddable":true,"href":"https:\/\/mob-media.info\/index.php\/wp-json\/wp\/v2\/comments?post=57"}],"version-history":[{"count":36,"href":"https:\/\/mob-media.info\/index.php\/wp-json\/wp\/v2\/pages\/57\/revisions"}],"predecessor-version":[{"id":2750,"href":"https:\/\/mob-media.info\/index.php\/wp-json\/wp\/v2\/pages\/57\/revisions\/2750"}],"wp:attachment":[{"href":"https:\/\/mob-media.info\/index.php\/wp-json\/wp\/v2\/media?parent=57"}],"curies":[{"name":"wp","href":"https:\/\/api.w.org\/{rel}","templated":true}]}}